{"id":10,"date":"2023-06-29T11:25:51","date_gmt":"2023-06-29T10:25:51","guid":{"rendered":"https:\/\/www.jfa.pt\/canaldedenuncia\/?page_id=10"},"modified":"2023-07-12T15:49:48","modified_gmt":"2023-07-12T14:49:48","slug":"portal-de-denuncia","status":"publish","type":"page","link":"https:\/\/www.jfa.pt\/canaldedenuncia\/","title":{"rendered":"Portal de den\u00fancia"},"content":{"rendered":"\t\t<div data-elementor-type=\"wp-page\" data-elementor-id=\"10\" class=\"elementor elementor-10\" data-elementor-post-type=\"page\">\n\t\t\t\t<div class=\"elementor-element elementor-element-acfd864 e-flex e-con-boxed e-con e-parent\" data-id=\"acfd864\" data-element_type=\"container\" data-e-type=\"container\">\n\t\t\t\t\t<div class=\"e-con-inner\">\n\t\t<div class=\"elementor-element elementor-element-ce98c03 e-con-full e-flex e-con e-child\" data-id=\"ce98c03\" data-element_type=\"container\" data-e-type=\"container\">\n\t\t\t\t<div class=\"elementor-element elementor-element-5a6fbc4 elementor-widget elementor-widget-heading\" data-id=\"5a6fbc4\" data-element_type=\"widget\" data-e-type=\"widget\" data-widget_type=\"heading.default\">\n\t\t\t\t<div class=\"elementor-widget-container\">\n\t\t\t\t\t<h2 class=\"elementor-heading-title elementor-size-default\">Bem vindo<\/h2>\t\t\t\t<\/div>\n\t\t\t\t<\/div>\n\t\t\t\t<div class=\"elementor-element elementor-element-e9cad5c elementor-widget elementor-widget-text-editor\" data-id=\"e9cad5c\" data-element_type=\"widget\" data-e-type=\"widget\" data-widget_type=\"text-editor.default\">\n\t\t\t\t<div class=\"elementor-widget-container\">\n\t\t\t\t\t\t\t\t\tao Canal de Den\u00fancia da JFA\t\t\t\t\t\t\t\t<\/div>\n\t\t\t\t<\/div>\n\t\t\t\t<div class=\"elementor-element elementor-element-8099707 elementor-widget elementor-widget-text-editor\" data-id=\"8099707\" data-element_type=\"widget\" data-e-type=\"widget\" data-widget_type=\"text-editor.default\">\n\t\t\t\t<div class=\"elementor-widget-container\">\n\t\t\t\t\t\t\t\t\tEncorajamo-lo(a) a denunciar qualquer infra\u00e7\u00e3o ou suspeita de infra\u00e7\u00e3o neste canal de den\u00fancias. Asseguramos sempre o anonimato e a confidencialidade da sua identidade, desde a submiss\u00e3o da den\u00fancia at\u00e9 \u00e0 conclus\u00e3o do processo.\t\t\t\t\t\t\t\t<\/div>\n\t\t\t\t<\/div>\n\t\t<div class=\"elementor-element elementor-element-cb539e5 e-flex e-con-boxed e-con e-child\" data-id=\"cb539e5\" data-element_type=\"container\" data-e-type=\"container\">\n\t\t\t\t\t<div class=\"e-con-inner\">\n\t\t\t\t<div class=\"elementor-element elementor-element-2be8896 elementor-widget elementor-widget-button\" data-id=\"2be8896\" data-element_type=\"widget\" data-e-type=\"widget\" data-widget_type=\"button.default\">\n\t\t\t\t<div class=\"elementor-widget-container\">\n\t\t\t\t\t\t\t\t\t<div class=\"elementor-button-wrapper\">\n\t\t\t\t\t<a class=\"elementor-button elementor-button-link elementor-size-sm\" href=\"https:\/\/www.jfa.pt\/canaldedenuncia\/denuncia-interna\/\">\n\t\t\t\t\t\t<span class=\"elementor-button-content-wrapper\">\n\t\t\t\t\t\t\t\t\t<span class=\"elementor-button-text\">Clique para criar uma den\u00fancia interna<\/span>\n\t\t\t\t\t<\/span>\n\t\t\t\t\t<\/a>\n\t\t\t\t<\/div>\n\t\t\t\t\t\t\t\t<\/div>\n\t\t\t\t<\/div>\n\t\t\t\t\t<\/div>\n\t\t\t\t<\/div>\n\t\t\t\t<\/div>\n\t\t<div class=\"elementor-element elementor-element-7f46a78 e-con-full e-flex e-con e-child\" data-id=\"7f46a78\" data-element_type=\"container\" data-e-type=\"container\">\n\t\t\t\t<div class=\"elementor-element elementor-element-ce2fac4 elementor-widget elementor-widget-image\" data-id=\"ce2fac4\" data-element_type=\"widget\" data-e-type=\"widget\" data-widget_type=\"image.default\">\n\t\t\t\t<div class=\"elementor-widget-container\">\n\t\t\t\t\t\t\t\t\t\t\t\t\t\t\t<img fetchpriority=\"high\" decoding=\"async\" width=\"2000\" height=\"2000\" src=\"https:\/\/www.jfa.pt\/canaldedenuncia\/wp-content\/uploads\/2023\/06\/5138237.jpg\" class=\"attachment-full size-full wp-image-18\" alt=\"\" srcset=\"https:\/\/www.jfa.pt\/canaldedenuncia\/wp-content\/uploads\/2023\/06\/5138237.jpg 2000w, https:\/\/www.jfa.pt\/canaldedenuncia\/wp-content\/uploads\/2023\/06\/5138237-300x300.jpg 300w, https:\/\/www.jfa.pt\/canaldedenuncia\/wp-content\/uploads\/2023\/06\/5138237-1024x1024.jpg 1024w, https:\/\/www.jfa.pt\/canaldedenuncia\/wp-content\/uploads\/2023\/06\/5138237-150x150.jpg 150w, https:\/\/www.jfa.pt\/canaldedenuncia\/wp-content\/uploads\/2023\/06\/5138237-768x768.jpg 768w, https:\/\/www.jfa.pt\/canaldedenuncia\/wp-content\/uploads\/2023\/06\/5138237-1536x1536.jpg 1536w\" sizes=\"(max-width: 2000px) 100vw, 2000px\" \/>\t\t\t\t\t\t\t\t\t\t\t\t\t\t\t<\/div>\n\t\t\t\t<\/div>\n\t\t\t\t<\/div>\n\t\t\t\t\t<\/div>\n\t\t\t\t<\/div>\n\t\t<div class=\"elementor-element elementor-element-12154ef e-flex e-con-boxed e-con e-parent\" data-id=\"12154ef\" data-element_type=\"container\" data-e-type=\"container\" data-settings=\"{&quot;background_background&quot;:&quot;classic&quot;}\">\n\t\t\t\t\t<div class=\"e-con-inner\">\n\t\t\t\t<div class=\"elementor-element elementor-element-5df494d elementor-widget elementor-widget-text-editor\" data-id=\"5df494d\" data-element_type=\"widget\" data-e-type=\"widget\" data-widget_type=\"text-editor.default\">\n\t\t\t\t<div class=\"elementor-widget-container\">\n\t\t\t\t\t\t\t\t\t<p>Circuito da Den\u00fancia<\/p>\t\t\t\t\t\t\t\t<\/div>\n\t\t\t\t<\/div>\n\t\t<div class=\"elementor-element elementor-element-a07e139 e-flex e-con-boxed e-con e-child\" data-id=\"a07e139\" data-element_type=\"container\" data-e-type=\"container\">\n\t\t\t\t\t<div class=\"e-con-inner\">\n\t\t\t\t<div class=\"elementor-element elementor-element-d22fbf5 elementor-widget__width-initial elementor-view-default elementor-position-block-start elementor-mobile-position-block-start elementor-widget elementor-widget-icon-box\" data-id=\"d22fbf5\" data-element_type=\"widget\" data-e-type=\"widget\" data-widget_type=\"icon-box.default\">\n\t\t\t\t<div class=\"elementor-widget-container\">\n\t\t\t\t\t\t\t<div class=\"elementor-icon-box-wrapper\">\n\n\t\t\t\t\t\t<div class=\"elementor-icon-box-icon\">\n\t\t\t\t<span  class=\"elementor-icon\">\n\t\t\t\t<i aria-hidden=\"true\" class=\"fas fa-pencil-alt\"><\/i>\t\t\t\t<\/span>\n\t\t\t<\/div>\n\t\t\t\n\t\t\t\t\t\t<div class=\"elementor-icon-box-content\">\n\n\t\t\t\t\t\t\t\t\t<h3 class=\"elementor-icon-box-title\">\n\t\t\t\t\t\t<span  >\n\t\t\t\t\t\t\tSubmeter a Den\u00fancia\t\t\t\t\t\t<\/span>\n\t\t\t\t\t<\/h3>\n\t\t\t\t\n\t\t\t\t\t\t\t\t\t<p class=\"elementor-icon-box-description\">\n\t\t\t\t\t\tPreenchimento dos seus dados e dos dados relativos \u00e0 sua den\u00fancia.\t\t\t\t\t<\/p>\n\t\t\t\t\n\t\t\t<\/div>\n\t\t\t\n\t\t<\/div>\n\t\t\t\t\t\t<\/div>\n\t\t\t\t<\/div>\n\t\t\t\t<div class=\"elementor-element elementor-element-6c1a452 elementor-widget__width-initial elementor-view-default elementor-position-block-start elementor-mobile-position-block-start elementor-widget elementor-widget-icon-box\" data-id=\"6c1a452\" data-element_type=\"widget\" data-e-type=\"widget\" data-widget_type=\"icon-box.default\">\n\t\t\t\t<div class=\"elementor-widget-container\">\n\t\t\t\t\t\t\t<div class=\"elementor-icon-box-wrapper\">\n\n\t\t\t\t\t\t<div class=\"elementor-icon-box-icon\">\n\t\t\t\t<span  class=\"elementor-icon\">\n\t\t\t\t<i aria-hidden=\"true\" class=\"fas fa-user-shield\"><\/i>\t\t\t\t<\/span>\n\t\t\t<\/div>\n\t\t\t\n\t\t\t\t\t\t<div class=\"elementor-icon-box-content\">\n\n\t\t\t\t\t\t\t\t\t<h3 class=\"elementor-icon-box-title\">\n\t\t\t\t\t\t<span  >\n\t\t\t\t\t\t\tGestor de Den\u00fancia\t\t\t\t\t\t<\/span>\n\t\t\t\t\t<\/h3>\n\t\t\t\t\n\t\t\t\t\t\t\t\t\t<p class=\"elementor-icon-box-description\">\n\t\t\t\t\t\tA sua den\u00fancia ser\u00e1 enviada para um gestor que a encaminhar\u00e1 para o profissional respons\u00e1vel.\n\n\t\t\t\t\t<\/p>\n\t\t\t\t\n\t\t\t<\/div>\n\t\t\t\n\t\t<\/div>\n\t\t\t\t\t\t<\/div>\n\t\t\t\t<\/div>\n\t\t\t\t\t<\/div>\n\t\t\t\t<\/div>\n\t\t\t\t\t<\/div>\n\t\t\t\t<\/div>\n\t\t<div class=\"elementor-element elementor-element-1233804 e-flex e-con-boxed e-con e-parent\" data-id=\"1233804\" data-element_type=\"container\" data-e-type=\"container\">\n\t\t\t\t\t<div class=\"e-con-inner\">\n\t\t\t\t<div class=\"elementor-element elementor-element-bf5c73d elementor-widget elementor-widget-menu-anchor\" data-id=\"bf5c73d\" data-element_type=\"widget\" data-e-type=\"widget\" data-widget_type=\"menu-anchor.default\">\n\t\t\t\t<div class=\"elementor-widget-container\">\n\t\t\t\t\t\t\t<div class=\"elementor-menu-anchor\" id=\"faqs\"><\/div>\n\t\t\t\t\t\t<\/div>\n\t\t\t\t<\/div>\n\t\t\t\t\t<\/div>\n\t\t\t\t<\/div>\n\t\t<div class=\"elementor-element elementor-element-671fe9c e-flex e-con-boxed e-con e-parent\" data-id=\"671fe9c\" data-element_type=\"container\" data-e-type=\"container\" data-settings=\"{&quot;background_background&quot;:&quot;classic&quot;}\">\n\t\t\t\t\t<div class=\"e-con-inner\">\n\t\t\t\t<div class=\"elementor-element elementor-element-8af2fec elementor-widget elementor-widget-text-editor\" data-id=\"8af2fec\" data-element_type=\"widget\" data-e-type=\"widget\" data-widget_type=\"text-editor.default\">\n\t\t\t\t<div class=\"elementor-widget-container\">\n\t\t\t\t\t\t\t\t\t<p>Perguntas Frequentes<\/p>\t\t\t\t\t\t\t\t<\/div>\n\t\t\t\t<\/div>\n\t\t\t\t<div class=\"elementor-element elementor-element-af1c3b4 elementor-widget elementor-widget-accordion\" data-id=\"af1c3b4\" data-element_type=\"widget\" data-e-type=\"widget\" data-widget_type=\"accordion.default\">\n\t\t\t\t<div class=\"elementor-widget-container\">\n\t\t\t\t\t\t\t<div class=\"elementor-accordion\">\n\t\t\t\t\t\t\t<div class=\"elementor-accordion-item\">\n\t\t\t\t\t<div id=\"elementor-tab-title-1831\" class=\"elementor-tab-title\" data-tab=\"1\" role=\"button\" aria-controls=\"elementor-tab-content-1831\" aria-expanded=\"false\">\n\t\t\t\t\t\t\t\t\t\t\t\t\t<span class=\"elementor-accordion-icon elementor-accordion-icon-right\" aria-hidden=\"true\">\n\t\t\t\t\t\t\t\t\t\t\t\t\t\t\t<span class=\"elementor-accordion-icon-closed\"><i class=\"fas fa-plus\"><\/i><\/span>\n\t\t\t\t\t\t\t\t<span class=\"elementor-accordion-icon-opened\"><i class=\"fas fa-minus\"><\/i><\/span>\n\t\t\t\t\t\t\t\t\t\t\t\t\t\t<\/span>\n\t\t\t\t\t\t\t\t\t\t\t\t<a class=\"elementor-accordion-title\" tabindex=\"0\">O que \u00e9 o Canal de Den\u00fancia da J.F. Almeida,\u00a0S.A.?<\/a>\n\t\t\t\t\t<\/div>\n\t\t\t\t\t<div id=\"elementor-tab-content-1831\" class=\"elementor-tab-content elementor-clearfix\" data-tab=\"1\" role=\"region\" aria-labelledby=\"elementor-tab-title-1831\"><p>O Canal de Denuncia da J.F. Almeida,\u00a0S.A. permite que qualquer indiv\u00edduo, interno ou externo \u00e0 empresa, apresente a sua den\u00fancia de forma pr\u00e1tica e r\u00e1pida.<\/p><\/div>\n\t\t\t\t<\/div>\n\t\t\t\t\t\t\t<div class=\"elementor-accordion-item\">\n\t\t\t\t\t<div id=\"elementor-tab-title-1832\" class=\"elementor-tab-title\" data-tab=\"2\" role=\"button\" aria-controls=\"elementor-tab-content-1832\" aria-expanded=\"false\">\n\t\t\t\t\t\t\t\t\t\t\t\t\t<span class=\"elementor-accordion-icon elementor-accordion-icon-right\" aria-hidden=\"true\">\n\t\t\t\t\t\t\t\t\t\t\t\t\t\t\t<span class=\"elementor-accordion-icon-closed\"><i class=\"fas fa-plus\"><\/i><\/span>\n\t\t\t\t\t\t\t\t<span class=\"elementor-accordion-icon-opened\"><i class=\"fas fa-minus\"><\/i><\/span>\n\t\t\t\t\t\t\t\t\t\t\t\t\t\t<\/span>\n\t\t\t\t\t\t\t\t\t\t\t\t<a class=\"elementor-accordion-title\" tabindex=\"0\">Qual a legisla\u00e7\u00e3o que protege os denunciantes de infra\u00e7\u00f5es?<\/a>\n\t\t\t\t\t<\/div>\n\t\t\t\t\t<div id=\"elementor-tab-content-1832\" class=\"elementor-tab-content elementor-clearfix\" data-tab=\"2\" role=\"region\" aria-labelledby=\"elementor-tab-title-1832\"><p>A\u00a0<a href=\"https:\/\/files.dre.pt\/1s\/2021\/12\/24400\/0000300015.pdf\">Lei n.\u00ba 93\/2021<\/a>, de 20 de dezembro estabelece o regime geral de prote\u00e7\u00e3o de denunciantes de infra\u00e7\u00f5es (RGPDI), transpondo a\u00a0<a href=\"https:\/\/eur-lex.europa.eu\/legal-content\/PT\/TXT\/?uri=CELEX:32019L1937\">Diretiva (UE) 2019\/1937 do Parlamento Europeu e do Conselho, de 23 de outubro de 2019<\/a>, relativa \u00e0 prote\u00e7\u00e3o das pessoas que denunciam viola\u00e7\u00f5es do direito da Uni\u00e3o.<\/p><\/div>\n\t\t\t\t<\/div>\n\t\t\t\t\t\t\t<div class=\"elementor-accordion-item\">\n\t\t\t\t\t<div id=\"elementor-tab-title-1833\" class=\"elementor-tab-title\" data-tab=\"3\" role=\"button\" aria-controls=\"elementor-tab-content-1833\" aria-expanded=\"false\">\n\t\t\t\t\t\t\t\t\t\t\t\t\t<span class=\"elementor-accordion-icon elementor-accordion-icon-right\" aria-hidden=\"true\">\n\t\t\t\t\t\t\t\t\t\t\t\t\t\t\t<span class=\"elementor-accordion-icon-closed\"><i class=\"fas fa-plus\"><\/i><\/span>\n\t\t\t\t\t\t\t\t<span class=\"elementor-accordion-icon-opened\"><i class=\"fas fa-minus\"><\/i><\/span>\n\t\t\t\t\t\t\t\t\t\t\t\t\t\t<\/span>\n\t\t\t\t\t\t\t\t\t\t\t\t<a class=\"elementor-accordion-title\" tabindex=\"0\">Den\u00fancias - Quais s\u00e3o os meios de den\u00fancia existentes?<\/a>\n\t\t\t\t\t<\/div>\n\t\t\t\t\t<div id=\"elementor-tab-content-1833\" class=\"elementor-tab-content elementor-clearfix\" data-tab=\"3\" role=\"region\" aria-labelledby=\"elementor-tab-title-1833\"><div class=\"text\">As den\u00fancias de infra\u00e7\u00f5es s\u00e3o apresentadas pelo denunciante atrav\u00e9s dos canais de den\u00fancia interna ou externa. A den\u00fancia interna pode ser efetuada por pessoas que integram o servi\u00e7o\/entidade sobre a qual recai a den\u00fancia. A den\u00fancia externa pode ser efetuada por pessoas externas ao servi\u00e7o\/entidade sobre a qual recai a den\u00fancia. O denunciante s\u00f3 pode recorrer a canais de den\u00fancia externa quando:<\/div><ul><li>N\u00e3o exista canal de den\u00fancia interna;<\/li><li>O canal de den\u00fancia interna admita apenas a apresenta\u00e7\u00e3o de den\u00fancias por trabalhadores, n\u00e3o o sendo o denunciante;<\/li><li>Tenha motivos razo\u00e1veis para crer que a infra\u00e7\u00e3o n\u00e3o pode ser eficazmente conhecida ou resolvida a n\u00edvel interno ou que existe risco de retalia\u00e7\u00e3o;<\/li><li>Tenha inicialmente apresentado uma den\u00fancia interna sem que lhe tenham sido comunicadas as medidas previstas ou adotadas na sequ\u00eancia da den\u00fancia nos prazos previstos no artigo 11.\u00ba do Regime Geral de Prote\u00e7\u00e3o do Denunciante, aprovado pela\u00a0<a href=\"https:\/\/files.dre.pt\/1s\/2021\/12\/24400\/0000300015.pdf\">Lei n.\u00ba 93\/2021, de 20 de dezembro<\/a>; ou<\/li><li>A infra\u00e7\u00e3o constitua crime ou contraordena\u00e7\u00e3o pun\u00edvel com coima superior a 50 000 (euro).<\/li><\/ul><\/div>\n\t\t\t\t<\/div>\n\t\t\t\t\t\t\t<div class=\"elementor-accordion-item\">\n\t\t\t\t\t<div id=\"elementor-tab-title-1834\" class=\"elementor-tab-title\" data-tab=\"4\" role=\"button\" aria-controls=\"elementor-tab-content-1834\" aria-expanded=\"false\">\n\t\t\t\t\t\t\t\t\t\t\t\t\t<span class=\"elementor-accordion-icon elementor-accordion-icon-right\" aria-hidden=\"true\">\n\t\t\t\t\t\t\t\t\t\t\t\t\t\t\t<span class=\"elementor-accordion-icon-closed\"><i class=\"fas fa-plus\"><\/i><\/span>\n\t\t\t\t\t\t\t\t<span class=\"elementor-accordion-icon-opened\"><i class=\"fas fa-minus\"><\/i><\/span>\n\t\t\t\t\t\t\t\t\t\t\t\t\t\t<\/span>\n\t\t\t\t\t\t\t\t\t\t\t\t<a class=\"elementor-accordion-title\" tabindex=\"0\">Apresenta\u00e7\u00e3o de Den\u00fancias - Quem pode denunciar?<\/a>\n\t\t\t\t\t<\/div>\n\t\t\t\t\t<div id=\"elementor-tab-content-1834\" class=\"elementor-tab-content elementor-clearfix\" data-tab=\"4\" role=\"region\" aria-labelledby=\"elementor-tab-title-1834\"><div class=\"text\">Qualquer pessoa singular ou coletiva que possua, ou possa possuir, informa\u00e7\u00e3o que seja, ou possa ser, relevante para o exerc\u00edcio das compet\u00eancias da J.F. Almeida,\u00a0S.A. O denunciante deve, preferencialmente, identificar-se. O Canal de Den\u00fancias pode, no entanto, atender a den\u00fancias remetidas anonimamente, se a relev\u00e2ncia e credibilidade das mesmas o justificar.<\/div><\/div>\n\t\t\t\t<\/div>\n\t\t\t\t\t\t\t<div class=\"elementor-accordion-item\">\n\t\t\t\t\t<div id=\"elementor-tab-title-1835\" class=\"elementor-tab-title\" data-tab=\"5\" role=\"button\" aria-controls=\"elementor-tab-content-1835\" aria-expanded=\"false\">\n\t\t\t\t\t\t\t\t\t\t\t\t\t<span class=\"elementor-accordion-icon elementor-accordion-icon-right\" aria-hidden=\"true\">\n\t\t\t\t\t\t\t\t\t\t\t\t\t\t\t<span class=\"elementor-accordion-icon-closed\"><i class=\"fas fa-plus\"><\/i><\/span>\n\t\t\t\t\t\t\t\t<span class=\"elementor-accordion-icon-opened\"><i class=\"fas fa-minus\"><\/i><\/span>\n\t\t\t\t\t\t\t\t\t\t\t\t\t\t<\/span>\n\t\t\t\t\t\t\t\t\t\t\t\t<a class=\"elementor-accordion-title\" tabindex=\"0\">Qual o prazo de conserva\u00e7\u00e3o das den\u00fancias?<\/a>\n\t\t\t\t\t<\/div>\n\t\t\t\t\t<div id=\"elementor-tab-content-1835\" class=\"elementor-tab-content elementor-clearfix\" data-tab=\"5\" role=\"region\" aria-labelledby=\"elementor-tab-title-1835\"><div class=\"text\">As den\u00fancias recebidas s\u00e3o mantidas e conservadas durante o per\u00edodo de, pelo menos, cinco anos e, independentemente desse prazo, durante a pend\u00eancia de processos judiciais, administrativos ou disciplinares relacionados.<\/div><\/div>\n\t\t\t\t<\/div>\n\t\t\t\t\t\t\t\t\t\t<script type=\"application\/ld+json\">{\"@context\":\"https:\\\/\\\/schema.org\",\"@type\":\"FAQPage\",\"mainEntity\":[{\"@type\":\"Question\",\"name\":\"O que \\u00e9 o Canal de Den\\u00fancia da J.F. Almeida,\\u00a0S.A.?\",\"acceptedAnswer\":{\"@type\":\"Answer\",\"text\":\"<p>O Canal de Denuncia da J.F. Almeida,\\u00a0S.A. permite que qualquer indiv\\u00edduo, interno ou externo \\u00e0 empresa, apresente a sua den\\u00fancia de forma pr\\u00e1tica e r\\u00e1pida.<\\\/p>\"}},{\"@type\":\"Question\",\"name\":\"Qual a legisla\\u00e7\\u00e3o que protege os denunciantes de infra\\u00e7\\u00f5es?\",\"acceptedAnswer\":{\"@type\":\"Answer\",\"text\":\"<p>A\\u00a0<a href=\\\"https:\\\/\\\/files.dre.pt\\\/1s\\\/2021\\\/12\\\/24400\\\/0000300015.pdf\\\">Lei n.\\u00ba 93\\\/2021<\\\/a>, de 20 de dezembro estabelece o regime geral de prote\\u00e7\\u00e3o de denunciantes de infra\\u00e7\\u00f5es (RGPDI), transpondo a\\u00a0<a href=\\\"https:\\\/\\\/eur-lex.europa.eu\\\/legal-content\\\/PT\\\/TXT\\\/?uri=CELEX:32019L1937\\\">Diretiva (UE) 2019\\\/1937 do Parlamento Europeu e do Conselho, de 23 de outubro de 2019<\\\/a>, relativa \\u00e0 prote\\u00e7\\u00e3o das pessoas que denunciam viola\\u00e7\\u00f5es do direito da Uni\\u00e3o.<\\\/p>\"}},{\"@type\":\"Question\",\"name\":\"Den\\u00fancias - Quais s\\u00e3o os meios de den\\u00fancia existentes?\",\"acceptedAnswer\":{\"@type\":\"Answer\",\"text\":\"<div class=\\\"text\\\">As den\\u00fancias de infra\\u00e7\\u00f5es s\\u00e3o apresentadas pelo denunciante atrav\\u00e9s dos canais de den\\u00fancia interna ou externa. A den\\u00fancia interna pode ser efetuada por pessoas que integram o servi\\u00e7o\\\/entidade sobre a qual recai a den\\u00fancia. A den\\u00fancia externa pode ser efetuada por pessoas externas ao servi\\u00e7o\\\/entidade sobre a qual recai a den\\u00fancia. O denunciante s\\u00f3 pode recorrer a canais de den\\u00fancia externa quando:<\\\/div><ul><li>N\\u00e3o exista canal de den\\u00fancia interna;<\\\/li><li>O canal de den\\u00fancia interna admita apenas a apresenta\\u00e7\\u00e3o de den\\u00fancias por trabalhadores, n\\u00e3o o sendo o denunciante;<\\\/li><li>Tenha motivos razo\\u00e1veis para crer que a infra\\u00e7\\u00e3o n\\u00e3o pode ser eficazmente conhecida ou resolvida a n\\u00edvel interno ou que existe risco de retalia\\u00e7\\u00e3o;<\\\/li><li>Tenha inicialmente apresentado uma den\\u00fancia interna sem que lhe tenham sido comunicadas as medidas previstas ou adotadas na sequ\\u00eancia da den\\u00fancia nos prazos previstos no artigo 11.\\u00ba do Regime Geral de Prote\\u00e7\\u00e3o do Denunciante, aprovado pela\\u00a0<a href=\\\"https:\\\/\\\/files.dre.pt\\\/1s\\\/2021\\\/12\\\/24400\\\/0000300015.pdf\\\">Lei n.\\u00ba 93\\\/2021, de 20 de dezembro<\\\/a>; ou<\\\/li><li>A infra\\u00e7\\u00e3o constitua crime ou contraordena\\u00e7\\u00e3o pun\\u00edvel com coima superior a 50 000 (euro).<\\\/li><\\\/ul>\"}},{\"@type\":\"Question\",\"name\":\"Apresenta\\u00e7\\u00e3o de Den\\u00fancias - Quem pode denunciar?\",\"acceptedAnswer\":{\"@type\":\"Answer\",\"text\":\"<div class=\\\"text\\\">Qualquer pessoa singular ou coletiva que possua, ou possa possuir, informa\\u00e7\\u00e3o que seja, ou possa ser, relevante para o exerc\\u00edcio das compet\\u00eancias da J.F. Almeida,\\u00a0S.A. O denunciante deve, preferencialmente, identificar-se. O Canal de Den\\u00fancias pode, no entanto, atender a den\\u00fancias remetidas anonimamente, se a relev\\u00e2ncia e credibilidade das mesmas o justificar.<\\\/div>\"}},{\"@type\":\"Question\",\"name\":\"Qual o prazo de conserva\\u00e7\\u00e3o das den\\u00fancias?\",\"acceptedAnswer\":{\"@type\":\"Answer\",\"text\":\"<div class=\\\"text\\\">As den\\u00fancias recebidas s\\u00e3o mantidas e conservadas durante o per\\u00edodo de, pelo menos, cinco anos e, independentemente desse prazo, durante a pend\\u00eancia de processos judiciais, administrativos ou disciplinares relacionados.<\\\/div>\"}}]}<\/script>\n\t\t\t\t\t<\/div>\n\t\t\t\t\t\t<\/div>\n\t\t\t\t<\/div>\n\t\t\t\t\t<\/div>\n\t\t\t\t<\/div>\n\t\t\t\t<\/div>\n\t\t","protected":false},"excerpt":{"rendered":"<p>Bem vindo ao Canal de Den\u00fancia da JFAEncorajamo-lo(a) a denunciar qualquer infra\u00e7\u00e3o ou suspeita de infra\u00e7\u00e3o neste canal de den\u00fancias. Asseguramos sempre o anonimato e a confidencialidade da sua identidade, desde a submiss\u00e3o da den\u00fancia at\u00e9 \u00e0 conclus\u00e3o do processo. Clique para criar uma den\u00fancia interna Circuito da Den\u00fancia Submeter a Den\u00fancia Preenchimento dos seus [&hellip;]<\/p>\n","protected":false},"author":1,"featured_media":0,"parent":0,"menu_order":0,"comment_status":"closed","ping_status":"closed","template":"elementor_header_footer","meta":{"footnotes":""},"class_list":["post-10","page","type-page","status-publish","hentry"],"_links":{"self":[{"href":"https:\/\/www.jfa.pt\/canaldedenuncia\/wp-json\/wp\/v2\/pages\/10","targetHints":{"allow":["GET"]}}],"collection":[{"href":"https:\/\/www.jfa.pt\/canaldedenuncia\/wp-json\/wp\/v2\/pages"}],"about":[{"href":"https:\/\/www.jfa.pt\/canaldedenuncia\/wp-json\/wp\/v2\/types\/page"}],"author":[{"embeddable":true,"href":"https:\/\/www.jfa.pt\/canaldedenuncia\/wp-json\/wp\/v2\/users\/1"}],"replies":[{"embeddable":true,"href":"https:\/\/www.jfa.pt\/canaldedenuncia\/wp-json\/wp\/v2\/comments?post=10"}],"version-history":[{"count":67,"href":"https:\/\/www.jfa.pt\/canaldedenuncia\/wp-json\/wp\/v2\/pages\/10\/revisions"}],"predecessor-version":[{"id":188,"href":"https:\/\/www.jfa.pt\/canaldedenuncia\/wp-json\/wp\/v2\/pages\/10\/revisions\/188"}],"wp:attachment":[{"href":"https:\/\/www.jfa.pt\/canaldedenuncia\/wp-json\/wp\/v2\/media?parent=10"}],"curies":[{"name":"wp","href":"https:\/\/api.w.org\/{rel}","templated":true}]}}