{"id":78,"date":"2023-06-29T15:36:58","date_gmt":"2023-06-29T14:36:58","guid":{"rendered":"https:\/\/www.jfa.pt\/canaldedenuncia\/?page_id=78"},"modified":"2023-08-11T15:49:28","modified_gmt":"2023-08-11T14:49:28","slug":"denuncia-interna","status":"publish","type":"page","link":"https:\/\/www.jfa.pt\/canaldedenuncia\/denuncia-interna\/","title":{"rendered":"Den\u00fancia interna"},"content":{"rendered":"\t\t<div data-elementor-type=\"wp-page\" data-elementor-id=\"78\" class=\"elementor elementor-78\" data-elementor-post-type=\"page\">\n\t\t\t\t<div class=\"elementor-element elementor-element-e9e1f78 e-flex e-con-boxed e-con e-parent\" data-id=\"e9e1f78\" data-element_type=\"container\" data-e-type=\"container\">\n\t\t\t\t\t<div class=\"e-con-inner\">\n\t\t\t\t<div class=\"elementor-element elementor-element-0a3021d elementor-widget elementor-widget-text-editor\" data-id=\"0a3021d\" data-element_type=\"widget\" data-e-type=\"widget\" data-widget_type=\"text-editor.default\">\n\t\t\t\t<div class=\"elementor-widget-container\">\n\t\t\t\t\t\t\t\t\t<p><strong>Canal de Den\u00fancia Interno<\/strong><\/p><h6><strong>(Lei 93\/2021 de 20 de dezembro)<\/strong><\/h6>\t\t\t\t\t\t\t\t<\/div>\n\t\t\t\t<\/div>\n\t\t\t\t<div class=\"elementor-element elementor-element-65ca9e8 elementor-widget__width-initial elementor-widget elementor-widget-text-editor\" data-id=\"65ca9e8\" data-element_type=\"widget\" data-e-type=\"widget\" data-widget_type=\"text-editor.default\">\n\t\t\t\t<div class=\"elementor-widget-container\">\n\t\t\t\t\t\t\t\t\t<p>O presente formul\u00e1rio deve ser usado para a submiss\u00e3o de den\u00fancia no abrigo da Lei 93\/2021 &#8211; Regime Geral de Prote\u00e7\u00e3o de Denunciantes de Infra\u00e7\u00f5es.<\/p><p>O Denunciante pode ser identificado ou apresentar a den\u00fancia de forma an\u00f3nima. O Denunciante beneficia sempre das condi\u00e7\u00f5es de prote\u00e7\u00e3o previstas na Lei.<\/p>\t\t\t\t\t\t\t\t<\/div>\n\t\t\t\t<\/div>\n\t\t<div class=\"elementor-element elementor-element-07c7a81 e-con-full e-flex e-con e-child\" data-id=\"07c7a81\" data-element_type=\"container\" data-e-type=\"container\">\n\t\t\t\t<div class=\"elementor-element elementor-element-6434f98 elementor-button-align-start elementor-widget elementor-widget-form\" data-id=\"6434f98\" data-element_type=\"widget\" data-e-type=\"widget\" data-settings=\"{&quot;step_next_label&quot;:&quot;Next&quot;,&quot;step_previous_label&quot;:&quot;Previous&quot;,&quot;button_width&quot;:&quot;100&quot;,&quot;step_type&quot;:&quot;number_text&quot;,&quot;step_icon_shape&quot;:&quot;circle&quot;}\" data-widget_type=\"form.default\">\n\t\t\t\t<div class=\"elementor-widget-container\">\n\t\t\t\t\t\t\t<form class=\"elementor-form\" method=\"post\" name=\"New Form\" aria-label=\"New Form\">\n\t\t\t<input type=\"hidden\" name=\"post_id\" value=\"78\"\/>\n\t\t\t<input type=\"hidden\" name=\"form_id\" value=\"6434f98\"\/>\n\t\t\t<input type=\"hidden\" name=\"referer_title\" value=\"Den\u00fancia interna\" \/>\n\n\t\t\t\t\t\t\t<input type=\"hidden\" name=\"queried_id\" value=\"78\"\/>\n\t\t\t\n\t\t\t<div class=\"elementor-form-fields-wrapper elementor-labels-above\">\n\t\t\t\t\t\t\t\t<div class=\"elementor-field-type-select elementor-field-group elementor-column elementor-field-group-categoria elementor-col-100 elementor-field-required elementor-mark-required\">\n\t\t\t\t\t\t\t\t\t\t\t\t<label for=\"form-field-categoria\" class=\"elementor-field-label\">\n\t\t\t\t\t\t\t\tCategoria da Den\u00fancia\t\t\t\t\t\t\t<\/label>\n\t\t\t\t\t\t\t\t<div class=\"elementor-field elementor-select-wrapper remove-before \">\n\t\t\t<div class=\"select-caret-down-wrapper\">\n\t\t\t\t<i aria-hidden=\"true\" class=\"eicon-caret-down\"><\/i>\t\t\t<\/div>\n\t\t\t<select name=\"form_fields[categoria]\" id=\"form-field-categoria\" class=\"elementor-field-textual elementor-size-sm\" required=\"required\">\n\t\t\t\t\t\t\t\t\t<option value=\"Contrata\u00e7\u00e3o p\u00fablica\">Contrata\u00e7\u00e3o p\u00fablica<\/option>\n\t\t\t\t\t\t\t\t\t<option value=\"Servi\u00e7os, produtos e mercados financeiros e preven\u00e7\u00e3o do branqueamento de capitais e do financiamento do terrorismo\">Servi\u00e7os, produtos e mercados financeiros e preven\u00e7\u00e3o do branqueamento de capitais e do financiamento do terrorismo<\/option>\n\t\t\t\t\t\t\t\t\t<option value=\"Seguran\u00e7a e conformidade dos produtos\">Seguran\u00e7a e conformidade dos produtos<\/option>\n\t\t\t\t\t\t\t\t\t<option value=\"Seguran\u00e7a dos transportes\">Seguran\u00e7a dos transportes<\/option>\n\t\t\t\t\t\t\t\t\t<option value=\"Prote\u00e7\u00e3o do ambiente\">Prote\u00e7\u00e3o do ambiente<\/option>\n\t\t\t\t\t\t\t\t\t<option value=\"Prote\u00e7\u00e3o contra radia\u00e7\u00f5es e seguran\u00e7a nuclear\">Prote\u00e7\u00e3o contra radia\u00e7\u00f5es e seguran\u00e7a nuclear<\/option>\n\t\t\t\t\t\t\t\t\t<option value=\"Seguran\u00e7a dos alimentos para consumo humano e animal, sa\u00fade animal e bem-estar\">Seguran\u00e7a dos alimentos para consumo humano e animal, sa\u00fade animal e bem-estar<\/option>\n\t\t\t\t\t\t\t\t\t<option value=\"Animal\">Animal<\/option>\n\t\t\t\t\t\t\t\t\t<option value=\"Sa\u00fade p\u00fablica\">Sa\u00fade p\u00fablica<\/option>\n\t\t\t\t\t\t\t\t\t<option value=\"Defesa do consumidor\">Defesa do consumidor<\/option>\n\t\t\t\t\t\t\t\t\t<option value=\"Prote\u00e7\u00e3o da privacidade e dos dados pessoais e seguran\u00e7a da rede e dos sistemas de informa\u00e7\u00e3o\">Prote\u00e7\u00e3o da privacidade e dos dados pessoais e seguran\u00e7a da rede e dos sistemas de informa\u00e7\u00e3o<\/option>\n\t\t\t\t\t\t\t\t\t<option value=\"Ato lesivo dos interesses da Uni\u00e3o Europeia\">Ato lesivo dos interesses da Uni\u00e3o Europeia<\/option>\n\t\t\t\t\t\t\t\t\t<option value=\"Ato contr\u00e1rio \u00e0s regras do mercado interno \u2013 regras de concorr\u00eancia e aux\u00edlios estatais\">Ato contr\u00e1rio \u00e0s regras do mercado interno \u2013 regras de concorr\u00eancia e aux\u00edlios estatais<\/option>\n\t\t\t\t\t\t\t\t\t<option value=\"Criminalidade violenta\">Criminalidade violenta<\/option>\n\t\t\t\t\t\t\t<\/select>\n\t\t<\/div>\n\t\t\t\t\t\t<\/div>\n\t\t\t\t\t\t\t\t<div class=\"elementor-field-type-textarea elementor-field-group elementor-column elementor-field-group-descricao elementor-col-100 elementor-field-required elementor-mark-required\">\n\t\t\t\t\t\t\t\t\t\t\t\t<label for=\"form-field-descricao\" class=\"elementor-field-label\">\n\t\t\t\t\t\t\t\tDescri\u00e7\u00e3o da Den\u00fancia\t\t\t\t\t\t\t<\/label>\n\t\t\t\t\t\t<textarea class=\"elementor-field-textual elementor-field  elementor-size-sm\" name=\"form_fields[descricao]\" id=\"form-field-descricao\" rows=\"6\" placeholder=\"Descri\u00e7\u00e3o dos factos que justificam a den\u00fancia. Se pretender fazer den\u00fancia anonima n\u00e3o deve referir elementos que permitam a sua identifica\u00e7\u00e3o \" required=\"required\"><\/textarea>\t\t\t\t<\/div>\n\t\t\t\t\t\t\t\t<div class=\"elementor-field-type-text elementor-field-group elementor-column elementor-field-group-nome elementor-col-100\">\n\t\t\t\t\t\t\t\t\t\t\t\t\t<input size=\"1\" type=\"text\" name=\"form_fields[nome]\" id=\"form-field-nome\" class=\"elementor-field elementor-size-sm  elementor-field-textual\" placeholder=\"Nome do denunciante (opcional)\">\n\t\t\t\t\t\t\t\t\t\t\t<\/div>\n\t\t\t\t\t\t\t\t<div class=\"elementor-field-type-tel elementor-field-group elementor-column elementor-field-group-tel elementor-col-100\">\n\t\t\t\t\t\t\t<input size=\"1\" type=\"tel\" name=\"form_fields[tel]\" id=\"form-field-tel\" class=\"elementor-field elementor-size-sm  elementor-field-textual\" placeholder=\"Contacto telef\u00f3nico (opcional)\" pattern=\"[0-9()#&amp;+*-=.]+\" title=\"Only numbers and phone characters (#, -, *, etc) are accepted.\">\n\n\t\t\t\t\t\t<\/div>\n\t\t\t\t\t\t\t\t<div class=\"elementor-field-type-email elementor-field-group elementor-column elementor-field-group-email elementor-col-100\">\n\t\t\t\t\t\t\t\t\t\t\t\t\t<input size=\"1\" type=\"email\" name=\"form_fields[email]\" id=\"form-field-email\" class=\"elementor-field elementor-size-sm  elementor-field-textual\" placeholder=\"E-mail (opcional)\">\n\t\t\t\t\t\t\t\t\t\t\t<\/div>\n\t\t\t\t\t\t\t\t<div class=\"elementor-field-type-upload elementor-field-group elementor-column elementor-field-group-docs elementor-col-100\">\n\t\t\t\t\t\t\t\t\t\t\t\t<label for=\"form-field-docs\" class=\"elementor-field-label\">\n\t\t\t\t\t\t\t\tAnexar documentos que suportem a den\u00fancia a comunicar (opcional)\t\t\t\t\t\t\t<\/label>\n\t\t\t\t\t\t\t\t<input type=\"file\" name=\"form_fields[docs][]\" id=\"form-field-docs\" class=\"elementor-field elementor-size-sm  elementor-upload-field\" multiple=\"multiple\" data-maxsize=\"2\" data-maxsize-message=\"This file exceeds the maximum allowed size.\">\n\n\t\t\t\t\t\t<\/div>\n\t\t\t\t\t\t\t\t<div class=\"elementor-field-type-acceptance elementor-field-group elementor-column elementor-field-group-conhecimento elementor-col-100 elementor-field-required elementor-mark-required\">\n\t\t\t\t\t\t\t<div class=\"elementor-field-subgroup\">\n\t\t\t<span class=\"elementor-field-option\">\n\t\t\t\t<input type=\"checkbox\" name=\"form_fields[conhecimento]\" id=\"form-field-conhecimento\" class=\"elementor-field elementor-size-sm  elementor-acceptance-field\" required=\"required\" checked=\"checked\">\n\t\t\t\t<label for=\"form-field-conhecimento\"><span style=\"font-size: 11px; line-height: 1em;\"> Tomei conhecimento que a informa\u00e7\u00e3o vai ser recebida e tratada pela equipa designada ao obrigo do dever de confidencialidade seguindo todas as obriga\u00e7\u00f5es legais impostas e que a informa\u00e7\u00e3o enviada ser\u00e1 tratada exclusivamente para dar seguimento ao tratamento da den\u00fancia. Os dados que suportam a denuncia ser\u00e3o conservados pelo tempo previsto na Lei - 5 anos. <\/span><\/label>\t\t\t<\/span>\n\t\t<\/div>\n\t\t\t\t\t\t<\/div>\n\t\t\t\t\t\t\t\t<div class=\"elementor-field-type-acceptance elementor-field-group elementor-column elementor-field-group-politica elementor-col-100 elementor-field-required elementor-mark-required\">\n\t\t\t\t\t\t\t<div class=\"elementor-field-subgroup\">\n\t\t\t<span class=\"elementor-field-option\">\n\t\t\t\t<input type=\"checkbox\" name=\"form_fields[politica]\" id=\"form-field-politica\" class=\"elementor-field elementor-size-sm  elementor-acceptance-field\" required=\"required\">\n\t\t\t\t<label for=\"form-field-politica\">Concordo com a <a href=\"https:\/\/www.jfa.pt\/pt\/politica-de-privacidade-e-tratamento-de-dados-pessoais\/\"> pol\u00edtica de privacidade. <\/a><\/label>\t\t\t<\/span>\n\t\t<\/div>\n\t\t\t\t\t\t<\/div>\n\t\t\t\t\t\t\t\t<div class=\"elementor-field-type-text\">\n\t\t\t\t\t<input size=\"1\" type=\"text\" name=\"form_fields[field_a1fff6c]\" id=\"form-field-field_a1fff6c\" class=\"elementor-field elementor-size-sm \" style=\"display:none !important;\">\t\t\t\t<\/div>\n\t\t\t\t\t\t\t\t<div class=\"elementor-field-type-recaptcha_v3 elementor-field-group elementor-column elementor-field-group-field_815f389 elementor-col-100 recaptcha_v3-bottomleft\">\n\t\t\t\t\t<div class=\"elementor-field\" id=\"form-field-field_815f389\"><div class=\"elementor-g-recaptcha\" data-sitekey=\"6LfaUGIiAAAAAHsb1X1wzJRIwQtaWz9_0obKhS3N\" data-type=\"v3\" data-action=\"Form\" data-badge=\"bottomleft\" data-size=\"invisible\"><\/div><\/div>\t\t\t\t<\/div>\n\t\t\t\t\t\t\t\t<div class=\"elementor-field-group elementor-column elementor-field-type-submit elementor-col-100 e-form__buttons\">\n\t\t\t\t\t<button class=\"elementor-button elementor-size-sm\" type=\"submit\">\n\t\t\t\t\t\t<span class=\"elementor-button-content-wrapper\">\n\t\t\t\t\t\t\t\t\t\t\t\t\t\t\t\t\t\t\t\t\t\t<span class=\"elementor-button-text\">Enviar<\/span>\n\t\t\t\t\t\t\t\t\t\t\t\t\t<\/span>\n\t\t\t\t\t<\/button>\n\t\t\t\t<\/div>\n\t\t\t<\/div>\n\t\t<\/form>\n\t\t\t\t\t\t<\/div>\n\t\t\t\t<\/div>\n\t\t\t\t<\/div>\n\t\t\t\t\t<\/div>\n\t\t\t\t<\/div>\n\t\t\t\t<\/div>\n\t\t","protected":false},"excerpt":{"rendered":"<p>Canal de Den\u00fancia Interno (Lei 93\/2021 de 20 de dezembro) O presente formul\u00e1rio deve ser usado para a submiss\u00e3o de den\u00fancia no abrigo da Lei 93\/2021 &#8211; Regime Geral de Prote\u00e7\u00e3o de Denunciantes de Infra\u00e7\u00f5es. O Denunciante pode ser identificado ou apresentar a den\u00fancia de forma an\u00f3nima. O Denunciante beneficia sempre das condi\u00e7\u00f5es de prote\u00e7\u00e3o [&hellip;]<\/p>\n","protected":false},"author":1,"featured_media":0,"parent":0,"menu_order":0,"comment_status":"closed","ping_status":"closed","template":"elementor_header_footer","meta":{"footnotes":""},"class_list":["post-78","page","type-page","status-publish","hentry"],"_links":{"self":[{"href":"https:\/\/www.jfa.pt\/canaldedenuncia\/wp-json\/wp\/v2\/pages\/78","targetHints":{"allow":["GET"]}}],"collection":[{"href":"https:\/\/www.jfa.pt\/canaldedenuncia\/wp-json\/wp\/v2\/pages"}],"about":[{"href":"https:\/\/www.jfa.pt\/canaldedenuncia\/wp-json\/wp\/v2\/types\/page"}],"author":[{"embeddable":true,"href":"https:\/\/www.jfa.pt\/canaldedenuncia\/wp-json\/wp\/v2\/users\/1"}],"replies":[{"embeddable":true,"href":"https:\/\/www.jfa.pt\/canaldedenuncia\/wp-json\/wp\/v2\/comments?post=78"}],"version-history":[{"count":125,"href":"https:\/\/www.jfa.pt\/canaldedenuncia\/wp-json\/wp\/v2\/pages\/78\/revisions"}],"predecessor-version":[{"id":256,"href":"https:\/\/www.jfa.pt\/canaldedenuncia\/wp-json\/wp\/v2\/pages\/78\/revisions\/256"}],"wp:attachment":[{"href":"https:\/\/www.jfa.pt\/canaldedenuncia\/wp-json\/wp\/v2\/media?parent=78"}],"curies":[{"name":"wp","href":"https:\/\/api.w.org\/{rel}","templated":true}]}}